{"id":92,"date":"2021-04-28T15:48:41","date_gmt":"2021-04-28T15:48:41","guid":{"rendered":"https:\/\/josecadelo.com\/?page_id=92"},"modified":"2021-04-28T15:58:40","modified_gmt":"2021-04-28T15:58:40","slug":"laboral","status":"publish","type":"page","link":"https:\/\/josecadelo.com\/index.php\/asesor-de-empresas\/laboral\/","title":{"rendered":"Laboral"},"content":{"rendered":"<p><span style=\"text-decoration: underline; color: #0000ff;\"><strong>DEPARTAMENTO DE PERSONAL<\/strong><\/span><\/p>\n<p>Dentro del \u00e1rea laboral de la empresa, los servicios que\u00a0 presto, son los siguientes:<img loading=\"lazy\" decoding=\"async\" class=\" wp-image-54 alignright\" src=\"https:\/\/josecadelo.com\/wp-content\/uploads\/2021\/04\/Logotipo_de_la_Secretaria_de_Estado_de_la_Seguridad_Social-300x47.png\" alt=\"\" width=\"437\" height=\"67\" srcset=\"https:\/\/josecadelo.com\/wp-content\/uploads\/2021\/04\/Logotipo_de_la_Secretaria_de_Estado_de_la_Seguridad_Social-300x47.png 300w, https:\/\/josecadelo.com\/wp-content\/uploads\/2021\/04\/Logotipo_de_la_Secretaria_de_Estado_de_la_Seguridad_Social-1024x160.png 1024w, https:\/\/josecadelo.com\/wp-content\/uploads\/2021\/04\/Logotipo_de_la_Secretaria_de_Estado_de_la_Seguridad_Social-768x120.png 768w, https:\/\/josecadelo.com\/wp-content\/uploads\/2021\/04\/Logotipo_de_la_Secretaria_de_Estado_de_la_Seguridad_Social-1536x239.png 1536w, https:\/\/josecadelo.com\/wp-content\/uploads\/2021\/04\/Logotipo_de_la_Secretaria_de_Estado_de_la_Seguridad_Social-2048x319.png 2048w\" sizes=\"auto, (max-width: 437px) 100vw, 437px\" \/><\/p>\n<p>&#8211; Confecci\u00f3n del Calendario Laboral<\/p>\n<p>&#8211; Altas y bajas de empleados en la Seguridad Social<\/p>\n<p>&#8211; Redacci\u00f3n de contratos laborales, pr\u00f3rrogas y finiquitos<\/p>\n<p>&#8211; Cumplimentaci\u00f3n de documentos relativos a la legislaci\u00f3n laboral, (certificado de empresa, certificado de retenciones de IRPF, certificados para oposiciones, etc.)<\/p>\n<p>&#8211; Confecci\u00f3n de n\u00f3minas y seguros sociales<\/p>\n<p>&#8211; Comunicaci\u00f3n de informaci\u00f3n con organismos oficiales a trav\u00e9s del Sistema RED, DELTA o CONTRATA.<\/p>\n<p>&#8211; Asistencia en cualquier cuesti\u00f3n laboral.<\/p>\n<p>&#8211; Convenios colectivos.<\/p>\n<p>&gt; M\u00e1s de 20 a\u00f1os realizando las gestiones laborales de empresas en Cantabria.<\/p>\n","protected":false},"excerpt":{"rendered":"<p>DEPARTAMENTO DE PERSONAL Dentro del \u00e1rea laboral de la empresa, los servicios que\u00a0 presto, son los siguientes: &#8211; Confecci\u00f3n del Calendario Laboral &#8211; Altas y bajas de empleados en la Seguridad Social &#8211; Redacci\u00f3n de contratos laborales, pr\u00f3rrogas y finiquitos <a href=\"https:\/\/josecadelo.com\/index.php\/asesor-de-empresas\/laboral\/\" class=\"read-more\">Leer m\u00e1s&#8230;<\/a><\/p>\n","protected":false},"author":1,"featured_media":0,"parent":82,"menu_order":0,"comment_status":"closed","ping_status":"closed","template":"","meta":{"footnotes":""},"class_list":["post-92","page","type-page","status-publish","hentry"],"yoast_head":"<!-- This site is optimized with the Yoast SEO plugin v16.1.1 - https:\/\/yoast.com\/wordpress\/plugins\/seo\/ -->\n<title>Laboral - P\u00e1gina web de JOSE CADELO<\/title>\n<link rel=\"canonical\" href=\"https:\/\/josecadelo.com\/index.php\/asesor-de-empresas\/laboral\/\" \/>\n<meta property=\"og:locale\" content=\"es_ES\" \/>\n<meta property=\"og:type\" content=\"article\" \/>\n<meta property=\"og:title\" content=\"Laboral - P\u00e1gina web de JOSE CADELO\" \/>\n<meta property=\"og:description\" content=\"DEPARTAMENTO DE PERSONAL Dentro del \u00e1rea laboral de la empresa, los servicios que\u00a0 presto, son los siguientes: &#8211; Confecci\u00f3n del Calendario Laboral &#8211; Altas y bajas de empleados en la Seguridad Social &#8211; Redacci\u00f3n de contratos laborales, pr\u00f3rrogas y finiquitos Leer m\u00e1s...\" \/>\n<meta property=\"og:url\" content=\"https:\/\/josecadelo.com\/index.php\/asesor-de-empresas\/laboral\/\" \/>\n<meta property=\"og:site_name\" content=\"P\u00e1gina web de JOSE CADELO\" \/>\n<meta property=\"article:modified_time\" content=\"2021-04-28T15:58:40+00:00\" \/>\n<meta property=\"og:image\" content=\"https:\/\/josecadelo.com\/wp-content\/uploads\/2021\/04\/Logotipo_de_la_Secretaria_de_Estado_de_la_Seguridad_Social-300x47.png\" \/>\n<meta name=\"twitter:card\" content=\"summary_large_image\" \/>\n<meta name=\"twitter:label1\" content=\"Tiempo de lectura\">\n\t<meta name=\"twitter:data1\" content=\"1 minuto\">\n<script type=\"application\/ld+json\" class=\"yoast-schema-graph\">{\"@context\":\"https:\/\/schema.org\",\"@graph\":[{\"@type\":\"WebSite\",\"@id\":\"https:\/\/josecadelo.com\/#website\",\"url\":\"https:\/\/josecadelo.com\/\",\"name\":\"P\\u00e1gina web de JOSE CADELO\",\"description\":\"Profesor de Formaci\\u00f3n Profesional del Colegio \\u00c1ngeles Custodios  y Universidad de Cantabria\",\"potentialAction\":[{\"@type\":\"SearchAction\",\"target\":\"https:\/\/josecadelo.com\/?s={search_term_string}\",\"query-input\":\"required name=search_term_string\"}],\"inLanguage\":\"es\"},{\"@type\":\"ImageObject\",\"@id\":\"https:\/\/josecadelo.com\/index.php\/asesor-de-empresas\/laboral\/#primaryimage\",\"inLanguage\":\"es\",\"url\":\"https:\/\/josecadelo.com\/wp-content\/uploads\/2021\/04\/Logotipo_de_la_Secretaria_de_Estado_de_la_Seguridad_Social.png\",\"contentUrl\":\"https:\/\/josecadelo.com\/wp-content\/uploads\/2021\/04\/Logotipo_de_la_Secretaria_de_Estado_de_la_Seguridad_Social.png\",\"width\":3229,\"height\":503},{\"@type\":\"WebPage\",\"@id\":\"https:\/\/josecadelo.com\/index.php\/asesor-de-empresas\/laboral\/#webpage\",\"url\":\"https:\/\/josecadelo.com\/index.php\/asesor-de-empresas\/laboral\/\",\"name\":\"Laboral - P\\u00e1gina web de JOSE CADELO\",\"isPartOf\":{\"@id\":\"https:\/\/josecadelo.com\/#website\"},\"primaryImageOfPage\":{\"@id\":\"https:\/\/josecadelo.com\/index.php\/asesor-de-empresas\/laboral\/#primaryimage\"},\"datePublished\":\"2021-04-28T15:48:41+00:00\",\"dateModified\":\"2021-04-28T15:58:40+00:00\",\"breadcrumb\":{\"@id\":\"https:\/\/josecadelo.com\/index.php\/asesor-de-empresas\/laboral\/#breadcrumb\"},\"inLanguage\":\"es\",\"potentialAction\":[{\"@type\":\"ReadAction\",\"target\":[\"https:\/\/josecadelo.com\/index.php\/asesor-de-empresas\/laboral\/\"]}]},{\"@type\":\"BreadcrumbList\",\"@id\":\"https:\/\/josecadelo.com\/index.php\/asesor-de-empresas\/laboral\/#breadcrumb\",\"itemListElement\":[{\"@type\":\"ListItem\",\"position\":1,\"item\":{\"@type\":\"WebPage\",\"@id\":\"https:\/\/josecadelo.com\/index.php\/asesor-de-empresas\/\",\"url\":\"https:\/\/josecadelo.com\/index.php\/asesor-de-empresas\/\",\"name\":\"Asesor de empresas\"}},{\"@type\":\"ListItem\",\"position\":2,\"item\":{\"@type\":\"WebPage\",\"@id\":\"https:\/\/josecadelo.com\/index.php\/asesor-de-empresas\/laboral\/\",\"url\":\"https:\/\/josecadelo.com\/index.php\/asesor-de-empresas\/laboral\/\",\"name\":\"Laboral\"}}]}]}<\/script>\n<!-- \/ Yoast SEO plugin. -->","_links":{"self":[{"href":"https:\/\/josecadelo.com\/index.php\/wp-json\/wp\/v2\/pages\/92","targetHints":{"allow":["GET"]}}],"collection":[{"href":"https:\/\/josecadelo.com\/index.php\/wp-json\/wp\/v2\/pages"}],"about":[{"href":"https:\/\/josecadelo.com\/index.php\/wp-json\/wp\/v2\/types\/page"}],"author":[{"embeddable":true,"href":"https:\/\/josecadelo.com\/index.php\/wp-json\/wp\/v2\/users\/1"}],"replies":[{"embeddable":true,"href":"https:\/\/josecadelo.com\/index.php\/wp-json\/wp\/v2\/comments?post=92"}],"version-history":[{"count":2,"href":"https:\/\/josecadelo.com\/index.php\/wp-json\/wp\/v2\/pages\/92\/revisions"}],"predecessor-version":[{"id":100,"href":"https:\/\/josecadelo.com\/index.php\/wp-json\/wp\/v2\/pages\/92\/revisions\/100"}],"up":[{"embeddable":true,"href":"https:\/\/josecadelo.com\/index.php\/wp-json\/wp\/v2\/pages\/82"}],"wp:attachment":[{"href":"https:\/\/josecadelo.com\/index.php\/wp-json\/wp\/v2\/media?parent=92"}],"curies":[{"name":"wp","href":"https:\/\/api.w.org\/{rel}","templated":true}]}}