{"id":833,"date":"2023-02-10T12:08:53","date_gmt":"2023-02-10T12:08:53","guid":{"rendered":"https:\/\/josecadelo.com\/?page_id=833"},"modified":"2023-02-10T12:08:53","modified_gmt":"2023-02-10T12:08:53","slug":"matematicas-financieras","status":"publish","type":"page","link":"https:\/\/josecadelo.com\/index.php\/matematicas-financieras\/","title":{"rendered":"Matem\u00e1ticas Financieras"},"content":{"rendered":"<p>Desde el curso 2022-23, imparto en la Facultad de Ciencias Econ\u00f3micas y Empresariales, la asignatura de Matem\u00e1ticas Financieras, en horario de tarde para los grupos de 2\u00ba curso de ADE, Doble grado de ADE+Derecho y ADE+Econom\u00eda<\/p>\n<p><strong><a href=\"https:\/\/web.unican.es\/departamentos\/economia\/estudios\/detalle-asignatura?c=G893&amp;p=116\" target=\"_blank\" rel=\"nofollow noopener noreferrer\">Informaci\u00f3n de la asignatura<\/a><\/strong><\/p>\n","protected":false},"excerpt":{"rendered":"<p>Desde el curso 2022-23, imparto en la Facultad de Ciencias Econ\u00f3micas y Empresariales, la asignatura de Matem\u00e1ticas Financieras, en horario de tarde para los grupos de 2\u00ba curso de ADE, Doble grado de ADE+Derecho y ADE+Econom\u00eda Informaci\u00f3n de la asignatura<\/p>\n","protected":false},"author":1,"featured_media":834,"parent":0,"menu_order":0,"comment_status":"closed","ping_status":"closed","template":"","meta":{"footnotes":""},"class_list":["post-833","page","type-page","status-publish","has-post-thumbnail","hentry"],"yoast_head":"<!-- This site is optimized with the Yoast SEO plugin v16.1.1 - https:\/\/yoast.com\/wordpress\/plugins\/seo\/ -->\n<title>Matem\u00e1ticas Financieras - P\u00e1gina web de JOSE CADELO<\/title>\n<link rel=\"canonical\" href=\"https:\/\/josecadelo.com\/index.php\/matematicas-financieras\/\" \/>\n<meta property=\"og:locale\" content=\"es_ES\" \/>\n<meta property=\"og:type\" content=\"article\" \/>\n<meta property=\"og:title\" content=\"Matem\u00e1ticas Financieras - P\u00e1gina web de JOSE CADELO\" \/>\n<meta property=\"og:description\" content=\"Desde el curso 2022-23, imparto en la Facultad de Ciencias Econ\u00f3micas y Empresariales, la asignatura de Matem\u00e1ticas Financieras, en horario de tarde para los grupos de 2\u00ba curso de ADE, Doble grado de ADE+Derecho y ADE+Econom\u00eda Informaci\u00f3n de la asignatura\" \/>\n<meta property=\"og:url\" content=\"https:\/\/josecadelo.com\/index.php\/matematicas-financieras\/\" \/>\n<meta property=\"og:site_name\" content=\"P\u00e1gina web de JOSE CADELO\" \/>\n<meta property=\"og:image\" content=\"https:\/\/josecadelo.com\/wp-content\/uploads\/2023\/02\/captura-mate-fin.png\" \/>\n\t<meta property=\"og:image:width\" content=\"2655\" \/>\n\t<meta property=\"og:image:height\" content=\"1118\" \/>\n<meta name=\"twitter:card\" content=\"summary_large_image\" \/>\n<meta name=\"twitter:label1\" content=\"Tiempo de lectura\">\n\t<meta name=\"twitter:data1\" content=\"1 minuto\">\n<script type=\"application\/ld+json\" class=\"yoast-schema-graph\">{\"@context\":\"https:\/\/schema.org\",\"@graph\":[{\"@type\":\"WebSite\",\"@id\":\"https:\/\/josecadelo.com\/#website\",\"url\":\"https:\/\/josecadelo.com\/\",\"name\":\"P\\u00e1gina web de JOSE CADELO\",\"description\":\"Profesor de Formaci\\u00f3n Profesional del Colegio \\u00c1ngeles Custodios  y Universidad de Cantabria\",\"potentialAction\":[{\"@type\":\"SearchAction\",\"target\":\"https:\/\/josecadelo.com\/?s={search_term_string}\",\"query-input\":\"required name=search_term_string\"}],\"inLanguage\":\"es\"},{\"@type\":\"ImageObject\",\"@id\":\"https:\/\/josecadelo.com\/index.php\/matematicas-financieras\/#primaryimage\",\"inLanguage\":\"es\",\"url\":\"https:\/\/josecadelo.com\/wp-content\/uploads\/2023\/02\/captura-mate-fin.png\",\"contentUrl\":\"https:\/\/josecadelo.com\/wp-content\/uploads\/2023\/02\/captura-mate-fin.png\",\"width\":2655,\"height\":1118},{\"@type\":\"WebPage\",\"@id\":\"https:\/\/josecadelo.com\/index.php\/matematicas-financieras\/#webpage\",\"url\":\"https:\/\/josecadelo.com\/index.php\/matematicas-financieras\/\",\"name\":\"Matem\\u00e1ticas Financieras - P\\u00e1gina web de JOSE CADELO\",\"isPartOf\":{\"@id\":\"https:\/\/josecadelo.com\/#website\"},\"primaryImageOfPage\":{\"@id\":\"https:\/\/josecadelo.com\/index.php\/matematicas-financieras\/#primaryimage\"},\"datePublished\":\"2023-02-10T12:08:53+00:00\",\"dateModified\":\"2023-02-10T12:08:53+00:00\",\"breadcrumb\":{\"@id\":\"https:\/\/josecadelo.com\/index.php\/matematicas-financieras\/#breadcrumb\"},\"inLanguage\":\"es\",\"potentialAction\":[{\"@type\":\"ReadAction\",\"target\":[\"https:\/\/josecadelo.com\/index.php\/matematicas-financieras\/\"]}]},{\"@type\":\"BreadcrumbList\",\"@id\":\"https:\/\/josecadelo.com\/index.php\/matematicas-financieras\/#breadcrumb\",\"itemListElement\":[{\"@type\":\"ListItem\",\"position\":1,\"item\":{\"@type\":\"WebPage\",\"@id\":\"https:\/\/josecadelo.com\/index.php\/matematicas-financieras\/\",\"url\":\"https:\/\/josecadelo.com\/index.php\/matematicas-financieras\/\",\"name\":\"Matem\\u00e1ticas Financieras\"}}]}]}<\/script>\n<!-- \/ Yoast SEO plugin. -->","_links":{"self":[{"href":"https:\/\/josecadelo.com\/index.php\/wp-json\/wp\/v2\/pages\/833","targetHints":{"allow":["GET"]}}],"collection":[{"href":"https:\/\/josecadelo.com\/index.php\/wp-json\/wp\/v2\/pages"}],"about":[{"href":"https:\/\/josecadelo.com\/index.php\/wp-json\/wp\/v2\/types\/page"}],"author":[{"embeddable":true,"href":"https:\/\/josecadelo.com\/index.php\/wp-json\/wp\/v2\/users\/1"}],"replies":[{"embeddable":true,"href":"https:\/\/josecadelo.com\/index.php\/wp-json\/wp\/v2\/comments?post=833"}],"version-history":[{"count":1,"href":"https:\/\/josecadelo.com\/index.php\/wp-json\/wp\/v2\/pages\/833\/revisions"}],"predecessor-version":[{"id":835,"href":"https:\/\/josecadelo.com\/index.php\/wp-json\/wp\/v2\/pages\/833\/revisions\/835"}],"wp:featuredmedia":[{"embeddable":true,"href":"https:\/\/josecadelo.com\/index.php\/wp-json\/wp\/v2\/media\/834"}],"wp:attachment":[{"href":"https:\/\/josecadelo.com\/index.php\/wp-json\/wp\/v2\/media?parent=833"}],"curies":[{"name":"wp","href":"https:\/\/api.w.org\/{rel}","templated":true}]}}