{"id":473,"date":"2021-05-02T17:22:28","date_gmt":"2021-05-02T17:22:28","guid":{"rendered":"https:\/\/josecadelo.com\/?page_id=473"},"modified":"2024-10-25T08:16:32","modified_gmt":"2024-10-25T08:16:32","slug":"proyecto-start-innova","status":"publish","type":"page","link":"https:\/\/josecadelo.com\/index.php\/profesor\/proyecto-start-innova\/","title":{"rendered":"Proyecto Start-Innova"},"content":{"rendered":"<h2>PROYECTO START-INNOVA en \u00c1ngeles Custodios<\/h2>\n<hr \/>\n<p>El colegio \u00c1ngeles Custodios lleva participando en el proyecto Start-Innova desde el curso 2014-15. Este proyecto organizado por El Diario Monta\u00f1\u00e9s y la Consejer\u00eda de Educaci\u00f3n de Cantabria, pretende fomentar las habilidades y conocimientos necesarios para que los alumnos, el dia de ma\u00f1ana, vean mas facil el desarrollar su propio proyecto empresarial.\u00a0<\/p>\n<p>Alumnos de los ciclos formativos de grado medio de Administrativo, Peluquer\u00eda y Farmacia, asi como los de grado superior de Artes Gr\u00e1ficas y Dise\u00f1o en Fotograf\u00eda, tienen la posibilidad de utilizar un m\u00e9todo de aprendizaje que seguro puede mejorar sus prespectivas de futuro.<\/p>\n<hr \/>\n<div class=\"su-accordion su-u-trim\">\n<div class=\"su-spoiler su-spoiler-style-default su-spoiler-icon-plus su-spoiler-closed\" data-scroll-offset=\"0\" data-anchor-in-url=\"no\"><div class=\"su-spoiler-title\" tabindex=\"0\" role=\"button\"><span class=\"su-spoiler-icon\"><\/span>Startinnova 2024-25<\/div><div class=\"su-spoiler-content su-u-clearfix su-u-trim\">\n<p>11 grupos y 53 alumnos de 4 ciclos formativos participan este a\u00f1o en el proyecto 2024-25<\/p>\n<p><img loading=\"lazy\" decoding=\"async\" class=\"alignnone wp-image-984 size-full\" src=\"https:\/\/josecadelo.com\/wp-content\/uploads\/2024\/10\/startinnova-2425.png\" alt=\"\" width=\"874\" height=\"524\" srcset=\"https:\/\/josecadelo.com\/wp-content\/uploads\/2024\/10\/startinnova-2425.png 874w, https:\/\/josecadelo.com\/wp-content\/uploads\/2024\/10\/startinnova-2425-300x180.png 300w, https:\/\/josecadelo.com\/wp-content\/uploads\/2024\/10\/startinnova-2425-768x460.png 768w, https:\/\/josecadelo.com\/wp-content\/uploads\/2024\/10\/startinnova-2425-360x216.png 360w\" sizes=\"auto, (max-width: 874px) 100vw, 874px\" \/><\/p>\n<\/div><\/div>\n<div class=\"su-spoiler su-spoiler-style-default su-spoiler-icon-plus su-spoiler-closed\" data-scroll-offset=\"0\" data-anchor-in-url=\"no\"><div class=\"su-spoiler-title\" tabindex=\"0\" role=\"button\"><span class=\"su-spoiler-icon\"><\/span>Startinnova 2023-24<\/div><div class=\"su-spoiler-content su-u-clearfix su-u-trim\">\n<p>Contenido oculto<\/p>\n<\/div><\/div>\n<div class=\"su-spoiler su-spoiler-style-default su-spoiler-icon-plus su-spoiler-closed\" data-scroll-offset=\"0\" data-anchor-in-url=\"no\"><div class=\"su-spoiler-title\" tabindex=\"0\" role=\"button\"><span class=\"su-spoiler-icon\"><\/span>Startinnova 2022-23<\/div><div class=\"su-spoiler-content su-u-clearfix su-u-trim\">\n<p><img loading=\"lazy\" decoding=\"async\" class=\"alignnone wp-image-968 size-full\" src=\"https:\/\/josecadelo.com\/wp-content\/uploads\/2024\/09\/2022-23-startinnova.jpg\" alt=\"\" width=\"938\" height=\"561\" srcset=\"https:\/\/josecadelo.com\/wp-content\/uploads\/2024\/09\/2022-23-startinnova.jpg 938w, https:\/\/josecadelo.com\/wp-content\/uploads\/2024\/09\/2022-23-startinnova-300x179.jpg 300w, https:\/\/josecadelo.com\/wp-content\/uploads\/2024\/09\/2022-23-startinnova-768x459.jpg 768w, https:\/\/josecadelo.com\/wp-content\/uploads\/2024\/09\/2022-23-startinnova-360x215.jpg 360w\" sizes=\"auto, (max-width: 938px) 100vw, 938px\" \/><\/p>\n<\/div><\/div>\n<div class=\"su-spoiler su-spoiler-style-default su-spoiler-icon-plus su-spoiler-closed\" data-scroll-offset=\"0\" data-anchor-in-url=\"no\"><div class=\"su-spoiler-title\" tabindex=\"0\" role=\"button\"><span class=\"su-spoiler-icon\"><\/span>Startinnova 2021-22<\/div><div class=\"su-spoiler-content su-u-clearfix su-u-trim\">\n<p><a href=\"https:\/\/josecadelo.com\/wp-content\/uploads\/2024\/09\/STARTINNOVA-foto-21-22.jpg\"><img loading=\"lazy\" decoding=\"async\" class=\"alignnone wp-image-964 size-full\" src=\"https:\/\/josecadelo.com\/wp-content\/uploads\/2024\/09\/STARTINNOVA-foto-21-22.jpg\" alt=\"\" width=\"1016\" height=\"604\" srcset=\"https:\/\/josecadelo.com\/wp-content\/uploads\/2024\/09\/STARTINNOVA-foto-21-22.jpg 1016w, https:\/\/josecadelo.com\/wp-content\/uploads\/2024\/09\/STARTINNOVA-foto-21-22-300x178.jpg 300w, https:\/\/josecadelo.com\/wp-content\/uploads\/2024\/09\/STARTINNOVA-foto-21-22-768x457.jpg 768w, https:\/\/josecadelo.com\/wp-content\/uploads\/2024\/09\/STARTINNOVA-foto-21-22-360x214.jpg 360w\" sizes=\"auto, (max-width: 1016px) 100vw, 1016px\" \/><\/a><\/p>\n<\/div><\/div>\n<div class=\"su-spoiler su-spoiler-style-default su-spoiler-icon-plus su-spoiler-closed\" data-scroll-offset=\"0\" data-anchor-in-url=\"no\"><div class=\"su-spoiler-title\" tabindex=\"0\" role=\"button\"><span class=\"su-spoiler-icon\"><\/span>Startinnova 2020-21 -finalistas<\/div><div class=\"su-spoiler-content su-u-clearfix su-u-trim\">\n<p>Este curso seguimos con nuestra empresa mentora MECANIZADOS GOMUR. Con la misma ilusi\u00f3n que otros a\u00f1os comenzamos una nueva experiencia para los alumnos de Administrativo, Farmacia, Peluquer\u00eda y este a\u00f1o adem\u00e1s los alumnos de Fotograf\u00eda. 51 alumnos tienen la posibilidad de desarrollar habilidades para montar un proyecto empresarial. Suerte a todos.<\/p>\n<p><img loading=\"lazy\" decoding=\"async\" class=\"alignnone wp-image-951 size-full\" src=\"https:\/\/josecadelo.com\/wp-content\/uploads\/2024\/09\/foto-2021-startinnova-angeles-custodios1015-1024x683-1.jpg\" alt=\"\" width=\"1024\" height=\"683\" srcset=\"https:\/\/josecadelo.com\/wp-content\/uploads\/2024\/09\/foto-2021-startinnova-angeles-custodios1015-1024x683-1.jpg 1024w, https:\/\/josecadelo.com\/wp-content\/uploads\/2024\/09\/foto-2021-startinnova-angeles-custodios1015-1024x683-1-300x200.jpg 300w, https:\/\/josecadelo.com\/wp-content\/uploads\/2024\/09\/foto-2021-startinnova-angeles-custodios1015-1024x683-1-768x512.jpg 768w, https:\/\/josecadelo.com\/wp-content\/uploads\/2024\/09\/foto-2021-startinnova-angeles-custodios1015-1024x683-1-360x240.jpg 360w\" sizes=\"auto, (max-width: 1024px) 100vw, 1024px\" \/><\/p>\n<p>De nuevo un grupo de farmacia del colegio ha conseguido llegar a la final de este a\u00f1o. Su proyecto EMERQUICK, para la ayuda en la saturaci\u00f3n de personas en las salas de urgencia.<\/p>\n<p>El grupo est\u00e1 formado por cuatro alumnas: Alba Soler Palacio, Ana Iglesias Pardo, \u00c1ngela Obeso Vallejo y Marta Crespo Mart\u00ednez.<\/p>\n<p><img loading=\"lazy\" decoding=\"async\" class=\"wp-image-149 size-large aligncenter\" src=\"https:\/\/josecadelo.com\/wp-content\/uploads\/2021\/04\/Foto-finalistas-todos-1024x768.jpg\" alt=\"\" width=\"847\" height=\"635\" srcset=\"https:\/\/josecadelo.com\/wp-content\/uploads\/2021\/04\/Foto-finalistas-todos-1024x768.jpg 1024w, https:\/\/josecadelo.com\/wp-content\/uploads\/2021\/04\/Foto-finalistas-todos-300x225.jpg 300w, https:\/\/josecadelo.com\/wp-content\/uploads\/2021\/04\/Foto-finalistas-todos-768x576.jpg 768w, https:\/\/josecadelo.com\/wp-content\/uploads\/2021\/04\/Foto-finalistas-todos-1536x1152.jpg 1536w, https:\/\/josecadelo.com\/wp-content\/uploads\/2021\/04\/Foto-finalistas-todos-2048x1536.jpg 2048w\" sizes=\"auto, (max-width: 847px) 100vw, 847px\" \/><\/p>\n<\/div><\/div>\n<div class=\"su-spoiler su-spoiler-style-default su-spoiler-icon-plus su-spoiler-closed\" data-scroll-offset=\"0\" data-anchor-in-url=\"no\"><div class=\"su-spoiler-title\" tabindex=\"0\" role=\"button\"><span class=\"su-spoiler-icon\"><\/span>Startinnova 2019-20 - Ganadores<\/div><div class=\"su-spoiler-content su-u-clearfix su-u-trim\">\n<p><img loading=\"lazy\" decoding=\"async\" class=\"aligncenter wp-image-959 size-full\" src=\"https:\/\/josecadelo.com\/wp-content\/uploads\/2024\/09\/foto-1920-startinnova.jpg\" alt=\"\" width=\"484\" height=\"404\" srcset=\"https:\/\/josecadelo.com\/wp-content\/uploads\/2024\/09\/foto-1920-startinnova.jpg 484w, https:\/\/josecadelo.com\/wp-content\/uploads\/2024\/09\/foto-1920-startinnova-300x250.jpg 300w, https:\/\/josecadelo.com\/wp-content\/uploads\/2024\/09\/foto-1920-startinnova-323x270.jpg 323w\" sizes=\"auto, (max-width: 484px) 100vw, 484px\" \/><\/p>\n<p>El grupo de 1\u00ba de Gesti\u00f3n Administrativa ha sido uno de los ganadores del concurso de este a\u00f1o. Enhorabuena al grupo MANAN (Nicole, Almudena, Maru, Nayara y Amparo) por vuestro gran trabajo, durante este periodo de pandemia, que finaliza con el premio de los mentores.<\/p>\n<p>&nbsp;<\/p>\n<p><img loading=\"lazy\" decoding=\"async\" class=\"alignnone wp-image-171 size-large\" src=\"https:\/\/josecadelo.com\/wp-content\/uploads\/2021\/04\/fotoganador_mentores-1024x701.jpg\" alt=\"\" width=\"847\" height=\"580\" srcset=\"https:\/\/josecadelo.com\/wp-content\/uploads\/2021\/04\/fotoganador_mentores-1024x701.jpg 1024w, https:\/\/josecadelo.com\/wp-content\/uploads\/2021\/04\/fotoganador_mentores-300x205.jpg 300w, https:\/\/josecadelo.com\/wp-content\/uploads\/2021\/04\/fotoganador_mentores-768x525.jpg 768w, https:\/\/josecadelo.com\/wp-content\/uploads\/2021\/04\/fotoganador_mentores.jpg 1374w\" sizes=\"auto, (max-width: 847px) 100vw, 847px\" \/><\/p>\n<\/div><\/div>\n<div class=\"su-spoiler su-spoiler-style-default su-spoiler-icon-plus su-spoiler-closed\" data-scroll-offset=\"0\" data-anchor-in-url=\"no\"><div class=\"su-spoiler-title\" tabindex=\"0\" role=\"button\"><span class=\"su-spoiler-icon\"><\/span>Startinnova 2018-19 - finalistas<\/div><div class=\"su-spoiler-content su-u-clearfix su-u-trim\">\n<p>&nbsp;<\/p>\n<p>El colegio \u00c1ngeles Custodios participa en la nueva edici\u00f3n del programa Startinnova, organizado por el Diario Monta\u00f1es y la Consejer\u00eda de Educaci\u00f3n del Gobierno de Cantabria.<\/p>\n<p>En esta ocasi\u00f3n tenemos nueva empresa mentora, la inmobiliaria Mi Morada, del grupo MiKeli, que ser\u00e1 la empresa que permite participar en el certamen a 45 alumnos de los ciclos formativos de grado medio de Gesti\u00f3n Administrativa, Farmacia, Peluquer\u00eda y el ciclo formativo de grado superior de Artes Pl\u00e1sticas y Dise\u00f1o en Fotograf\u00eda.<\/p>\n<p>Este a\u00f1o Startinnova se renueva con una nueva plataforma desarrollada en el entorno moodle, con videos y actividades mas actualizadas.<\/p>\n<p>A ver si este a\u00f1o conseguimos igualar o mejorar el puesto del curso pasado donde el grupo de farmacia consigui\u00f3 la mejor nota de todos los participantes en la primera fase.<\/p>\n<p>Un saludo y \u00e1nimo a todos.<\/p>\n<p>&nbsp;<\/p>\n<p>El 21 de noviembre de 2018, los alumnos participantes en el proyecto visitamos la sede del grupo MIKELY, al cual pertenece la empresa Mi Morada. Una charla de 2 horas en la que su director Antonio nos coment\u00f3 como naci\u00f3 la empresa desde sus or\u00edgenes en el momento de peor crisis que ten\u00eda Espa\u00f1a y como fu\u00e9 desarrollando su idea de negocio. Una visita impresionante para los alumnos y un trato excelente por todo el personal de la empresa.<\/p>\n<p>Grupo Juribama finalista. De pie: Jos\u00e9 Antonio Cadelo (profesor); Javier Pato (responsable de Marketing de Mi Morada); Jos\u00e9 Casuso (profesor) y Francisco Javier de la Fuente (tutor e2). Abajo, el equipo: Marta Dom\u00ednguez; Judith Coma; B\u00e1rbara Palazuelo y Margarita Fuarros.<\/p>\n<p><img loading=\"lazy\" decoding=\"async\" class=\"alignnone wp-image-957 size-full\" src=\"https:\/\/josecadelo.com\/wp-content\/uploads\/2024\/09\/startinnova-2018-19-finalistas.jpg\" alt=\"\" width=\"1067\" height=\"669\" srcset=\"https:\/\/josecadelo.com\/wp-content\/uploads\/2024\/09\/startinnova-2018-19-finalistas.jpg 1067w, https:\/\/josecadelo.com\/wp-content\/uploads\/2024\/09\/startinnova-2018-19-finalistas-300x188.jpg 300w, https:\/\/josecadelo.com\/wp-content\/uploads\/2024\/09\/startinnova-2018-19-finalistas-1024x642.jpg 1024w, https:\/\/josecadelo.com\/wp-content\/uploads\/2024\/09\/startinnova-2018-19-finalistas-768x482.jpg 768w, https:\/\/josecadelo.com\/wp-content\/uploads\/2024\/09\/startinnova-2018-19-finalistas-360x226.jpg 360w\" sizes=\"auto, (max-width: 1067px) 100vw, 1067px\" \/><\/p>\n<\/div><\/div>\n<div class=\"su-spoiler su-spoiler-style-default su-spoiler-icon-plus su-spoiler-closed\" data-scroll-offset=\"0\" data-anchor-in-url=\"no\"><div class=\"su-spoiler-title\" tabindex=\"0\" role=\"button\"><span class=\"su-spoiler-icon\"><\/span>Startinnova 2017-18 - finalistas<\/div><div class=\"su-spoiler-content su-u-clearfix su-u-trim\">\n<p>Nestro colegio participa por cuarta vez de forma consecutiva en el proyecto STARTINNOVA, \u00a0que desarrolla El Diario Monta\u00f1\u00e9s con la Consejer\u00eda de Educaci\u00f3n del Gobierno de Cantabria.<\/p>\n<p>&nbsp;<\/p>\n<p>Nuestro mentor, la empresa Sercos\u00e1n, permite que los alumnos de Ciclos Formativos del colegio \u00c1ngeles Custodios puedan realizar un proyecto de creaci\u00f3n de empresa, partiendo de los recursos que proporciona la plataforma on line de Start-Innova. Esperamos este a\u00f1o conseguir llegar a la final otra vez m\u00e1s.<\/p>\n<p>&nbsp;<\/p>\n<p>En este curso las siguientes alumnas del ciclo de farmacia llegaron a la final: Maria Jos\u00e9 Ordas, Irina Aristi, Ana Oru\u00f1a y Rutz Pe\u00f1a<\/p>\n<p><img loading=\"lazy\" decoding=\"async\" class=\"alignnone wp-image-961 size-full\" src=\"https:\/\/josecadelo.com\/wp-content\/uploads\/2024\/09\/startinnova-2017-18-finalistas.jpg\" alt=\"\" width=\"748\" height=\"396\" srcset=\"https:\/\/josecadelo.com\/wp-content\/uploads\/2024\/09\/startinnova-2017-18-finalistas.jpg 748w, https:\/\/josecadelo.com\/wp-content\/uploads\/2024\/09\/startinnova-2017-18-finalistas-300x159.jpg 300w, https:\/\/josecadelo.com\/wp-content\/uploads\/2024\/09\/startinnova-2017-18-finalistas-360x191.jpg 360w\" sizes=\"auto, (max-width: 748px) 100vw, 748px\" \/><\/p>\n<p>Una vez finalizado el plazo de presentaci\u00f3n de proyectos, el colegio \u00c1ngeles Custodios ha obtenido el primer puesto\u00a0 con el trabajo presentado por el grupo MIRA (9,76 puntos\/10), del ciclo Formativo de Farmacia.<\/p>\n<p><a href=\"http:\/\/angelescustodios.org\/wp-content\/uploads\/2016\/10\/grupo-mira.jpg\">\u00a0<\/a><\/p>\n<p>La defensa del proyecto se realizar\u00e1 el 2\/03\/18 en la Facultad de Caminos, Canales y Puertos y ser\u00e1 retransmitida por la TV del Diario Monta\u00f1es.<\/p>\n<p>En la final no tuvimos la suerte que por su trabajo las chicas merec\u00edan.\u00a0<\/p>\n<\/div><\/div>\n<div class=\"su-spoiler su-spoiler-style-default su-spoiler-icon-plus su-spoiler-closed\" data-scroll-offset=\"0\" data-anchor-in-url=\"no\"><div class=\"su-spoiler-title\" tabindex=\"0\" role=\"button\"><span class=\"su-spoiler-icon\"><\/span>Startinnova 2016-17<\/div><div class=\"su-spoiler-content su-u-clearfix su-u-trim\">\n<p>Participamos por tercera vez en el proyecto. Los ciclos formativos de Farmacia, Peluquer\u00eda y Gesti\u00f3n Administrativa volvieron a desarrollar proyectos con ideas innovadoras. El ciclo de Grado Superior de Artes Pl\u00e1sticas en Fotograf\u00eda tambi\u00e9n se anim\u00f3 a participar este curso<\/p>\n<p><img loading=\"lazy\" decoding=\"async\" class=\"alignnone wp-image-955 size-full\" src=\"https:\/\/josecadelo.com\/wp-content\/uploads\/2024\/09\/startinnova-curso-2016-17.jpg\" alt=\"\" width=\"1068\" height=\"608\" srcset=\"https:\/\/josecadelo.com\/wp-content\/uploads\/2024\/09\/startinnova-curso-2016-17.jpg 1068w, https:\/\/josecadelo.com\/wp-content\/uploads\/2024\/09\/startinnova-curso-2016-17-300x171.jpg 300w, https:\/\/josecadelo.com\/wp-content\/uploads\/2024\/09\/startinnova-curso-2016-17-1024x583.jpg 1024w, https:\/\/josecadelo.com\/wp-content\/uploads\/2024\/09\/startinnova-curso-2016-17-768x437.jpg 768w, https:\/\/josecadelo.com\/wp-content\/uploads\/2024\/09\/startinnova-curso-2016-17-360x205.jpg 360w\" sizes=\"auto, (max-width: 1068px) 100vw, 1068px\" \/><\/p>\n<\/div><\/div>\n<div class=\"su-spoiler su-spoiler-style-default su-spoiler-icon-plus su-spoiler-closed\" data-scroll-offset=\"0\" data-anchor-in-url=\"no\"><div class=\"su-spoiler-title\" tabindex=\"0\" role=\"button\"><span class=\"su-spoiler-icon\"><\/span>Startinnova 2015-16<\/div><div class=\"su-spoiler-content su-u-clearfix su-u-trim\">\n<p>En el curso 2015-16 participamos por segunda vez en el proyecto. Los ciclos formativos de Farmacia, Peluquer\u00eda y Gesti\u00f3n Administrativa volvieron a desarrollar su creatividad creando planes de empresa de muy diferentes sectores.<\/p>\n<p>&nbsp;<\/p>\n<\/div><\/div>\n<div class=\"su-spoiler su-spoiler-style-default su-spoiler-icon-plus su-spoiler-closed\" data-scroll-offset=\"0\" data-anchor-in-url=\"no\"><div class=\"su-spoiler-title\" tabindex=\"0\" role=\"button\"><span class=\"su-spoiler-icon\"><\/span>Startinnova 2014-15<\/div><div class=\"su-spoiler-content su-u-clearfix su-u-trim\">\n<p><span style=\"text-decoration: underline;\"><strong>En el curso 2014-15<\/strong><\/span> el colegio comenz\u00f3 su \u00a0participaci\u00f3n en Start-Innova. De entre todos los grupos que participaron (administrativo, peluquer\u00eda, farmacia y fotograf\u00eda) el ciclo formativo de Gesti\u00f3n Administrativa consigui\u00f3 llegar a la final, presentando su proyecto en el sal\u00f3n de actos de la facultad de Caminos.<\/p>\n<p>&nbsp;<\/p>\n<\/div><\/div>\n<\/div>\n<p>&nbsp;<\/p>\n<p>&nbsp;<\/p>\n","protected":false},"excerpt":{"rendered":"<p>PROYECTO START-INNOVA en \u00c1ngeles Custodios El colegio \u00c1ngeles Custodios lleva participando en el proyecto Start-Innova desde el curso 2014-15. Este proyecto organizado por El Diario Monta\u00f1\u00e9s y la Consejer\u00eda de Educaci\u00f3n de Cantabria, pretende fomentar las habilidades y conocimientos necesarios <a href=\"https:\/\/josecadelo.com\/index.php\/profesor\/proyecto-start-innova\/\" class=\"read-more\">Leer m\u00e1s&#8230;<\/a><\/p>\n","protected":false},"author":1,"featured_media":0,"parent":137,"menu_order":0,"comment_status":"closed","ping_status":"closed","template":"","meta":{"footnotes":""},"class_list":["post-473","page","type-page","status-publish","hentry"],"yoast_head":"<!-- This site is optimized with the Yoast SEO plugin v16.1.1 - https:\/\/yoast.com\/wordpress\/plugins\/seo\/ -->\n<title>Proyecto Start-Innova - P\u00e1gina web de JOSE CADELO<\/title>\n<link rel=\"canonical\" href=\"https:\/\/josecadelo.com\/index.php\/profesor\/proyecto-start-innova\/\" \/>\n<meta property=\"og:locale\" content=\"es_ES\" \/>\n<meta property=\"og:type\" content=\"article\" \/>\n<meta property=\"og:title\" content=\"Proyecto Start-Innova - P\u00e1gina web de JOSE CADELO\" \/>\n<meta property=\"og:description\" content=\"PROYECTO START-INNOVA en \u00c1ngeles Custodios El colegio \u00c1ngeles Custodios lleva participando en el proyecto Start-Innova desde el curso 2014-15. Este proyecto organizado por El Diario Monta\u00f1\u00e9s y la Consejer\u00eda de Educaci\u00f3n de Cantabria, pretende fomentar las habilidades y conocimientos necesarios Leer m\u00e1s...\" \/>\n<meta property=\"og:url\" content=\"https:\/\/josecadelo.com\/index.php\/profesor\/proyecto-start-innova\/\" \/>\n<meta property=\"og:site_name\" content=\"P\u00e1gina web de JOSE CADELO\" \/>\n<meta property=\"article:modified_time\" content=\"2024-10-25T08:16:32+00:00\" \/>\n<meta property=\"og:image\" content=\"https:\/\/josecadelo.com\/wp-content\/uploads\/2024\/10\/startinnova-2425.png\" \/>\n<meta name=\"twitter:card\" content=\"summary_large_image\" \/>\n<meta name=\"twitter:label1\" content=\"Tiempo de lectura\">\n\t<meta name=\"twitter:data1\" content=\"7 minutos\">\n<script type=\"application\/ld+json\" class=\"yoast-schema-graph\">{\"@context\":\"https:\/\/schema.org\",\"@graph\":[{\"@type\":\"WebSite\",\"@id\":\"https:\/\/josecadelo.com\/#website\",\"url\":\"https:\/\/josecadelo.com\/\",\"name\":\"P\\u00e1gina web de JOSE CADELO\",\"description\":\"Profesor de Formaci\\u00f3n Profesional del Colegio \\u00c1ngeles Custodios  y Universidad de Cantabria\",\"potentialAction\":[{\"@type\":\"SearchAction\",\"target\":\"https:\/\/josecadelo.com\/?s={search_term_string}\",\"query-input\":\"required name=search_term_string\"}],\"inLanguage\":\"es\"},{\"@type\":\"ImageObject\",\"@id\":\"https:\/\/josecadelo.com\/index.php\/profesor\/proyecto-start-innova\/#primaryimage\",\"inLanguage\":\"es\",\"url\":\"https:\/\/josecadelo.com\/wp-content\/uploads\/2024\/10\/startinnova-2425.png\",\"contentUrl\":\"https:\/\/josecadelo.com\/wp-content\/uploads\/2024\/10\/startinnova-2425.png\",\"width\":874,\"height\":524},{\"@type\":\"WebPage\",\"@id\":\"https:\/\/josecadelo.com\/index.php\/profesor\/proyecto-start-innova\/#webpage\",\"url\":\"https:\/\/josecadelo.com\/index.php\/profesor\/proyecto-start-innova\/\",\"name\":\"Proyecto Start-Innova - P\\u00e1gina web de JOSE CADELO\",\"isPartOf\":{\"@id\":\"https:\/\/josecadelo.com\/#website\"},\"primaryImageOfPage\":{\"@id\":\"https:\/\/josecadelo.com\/index.php\/profesor\/proyecto-start-innova\/#primaryimage\"},\"datePublished\":\"2021-05-02T17:22:28+00:00\",\"dateModified\":\"2024-10-25T08:16:32+00:00\",\"breadcrumb\":{\"@id\":\"https:\/\/josecadelo.com\/index.php\/profesor\/proyecto-start-innova\/#breadcrumb\"},\"inLanguage\":\"es\",\"potentialAction\":[{\"@type\":\"ReadAction\",\"target\":[\"https:\/\/josecadelo.com\/index.php\/profesor\/proyecto-start-innova\/\"]}]},{\"@type\":\"BreadcrumbList\",\"@id\":\"https:\/\/josecadelo.com\/index.php\/profesor\/proyecto-start-innova\/#breadcrumb\",\"itemListElement\":[{\"@type\":\"ListItem\",\"position\":1,\"item\":{\"@type\":\"WebPage\",\"@id\":\"https:\/\/josecadelo.com\/index.php\/profesor\/\",\"url\":\"https:\/\/josecadelo.com\/index.php\/profesor\/\",\"name\":\"Profesor informa\"}},{\"@type\":\"ListItem\",\"position\":2,\"item\":{\"@type\":\"WebPage\",\"@id\":\"https:\/\/josecadelo.com\/index.php\/profesor\/proyecto-start-innova\/\",\"url\":\"https:\/\/josecadelo.com\/index.php\/profesor\/proyecto-start-innova\/\",\"name\":\"Proyecto Start-Innova\"}}]}]}<\/script>\n<!-- \/ Yoast SEO plugin. -->","_links":{"self":[{"href":"https:\/\/josecadelo.com\/index.php\/wp-json\/wp\/v2\/pages\/473","targetHints":{"allow":["GET"]}}],"collection":[{"href":"https:\/\/josecadelo.com\/index.php\/wp-json\/wp\/v2\/pages"}],"about":[{"href":"https:\/\/josecadelo.com\/index.php\/wp-json\/wp\/v2\/types\/page"}],"author":[{"embeddable":true,"href":"https:\/\/josecadelo.com\/index.php\/wp-json\/wp\/v2\/users\/1"}],"replies":[{"embeddable":true,"href":"https:\/\/josecadelo.com\/index.php\/wp-json\/wp\/v2\/comments?post=473"}],"version-history":[{"count":19,"href":"https:\/\/josecadelo.com\/index.php\/wp-json\/wp\/v2\/pages\/473\/revisions"}],"predecessor-version":[{"id":985,"href":"https:\/\/josecadelo.com\/index.php\/wp-json\/wp\/v2\/pages\/473\/revisions\/985"}],"up":[{"embeddable":true,"href":"https:\/\/josecadelo.com\/index.php\/wp-json\/wp\/v2\/pages\/137"}],"wp:attachment":[{"href":"https:\/\/josecadelo.com\/index.php\/wp-json\/wp\/v2\/media?parent=473"}],"curies":[{"name":"wp","href":"https:\/\/api.w.org\/{rel}","templated":true}]}}