{"id":352,"date":"2021-04-30T00:02:09","date_gmt":"2021-04-30T00:02:09","guid":{"rendered":"https:\/\/josecadelo.com\/?page_id=352"},"modified":"2021-09-08T17:42:48","modified_gmt":"2021-09-08T17:42:48","slug":"agenda-escolar-profesor-jose-cadelo","status":"publish","type":"page","link":"https:\/\/josecadelo.com\/index.php\/profesor\/agenda-escolar-profesor-jose-cadelo\/","title":{"rendered":"Agenda escolar"},"content":{"rendered":"<p>A continuaci\u00f3n se muestra el calendario de Google con las fechas de ex\u00e1menes u otras actividades relevantes para el desarrollo del curso escolar. Para verlo en el m\u00f3vil, necesit\u00e1is entrar con vuestra cuenta @angelescustodios.org<\/p>\n<p>&nbsp;<\/p>\n<p><iframe loading=\"lazy\" src=\"https:\/\/calendar.google.com\/calendar\/embed?height=600&#038;wkst=2&#038;bgcolor=%23ffffff&#038;ctz=Europe%2FMadrid&#038;src=Y19jbGFzc3Jvb21jMDdlMjhlOUBncm91cC5jYWxlbmRhci5nb29nbGUuY29t&#038;src=Y19jbGFzc3Jvb21hODhjZmQ1MEBncm91cC5jYWxlbmRhci5nb29nbGUuY29t&#038;src=Y19jbGFzc3Jvb21hOGNhYjllNEBncm91cC5jYWxlbmRhci5nb29nbGUuY29t&#038;src=Y19jbGFzc3Jvb21mOTEwZGRmYkBncm91cC5jYWxlbmRhci5nb29nbGUuY29t&#038;src=Y19jbGFzc3Jvb200MmY2N2QwNkBncm91cC5jYWxlbmRhci5nb29nbGUuY29t&#038;src=Y19jbGFzc3Jvb21jOWI3NjFjN0Bncm91cC5jYWxlbmRhci5nb29nbGUuY29t&#038;color=%23C0CA33&#038;color=%23F4511E&#038;color=%239E69AF&#038;color=%230B8043&#038;color=%23F6BF26&#038;color=%230047a8&#038;title=Fechas%20a%20recordar%2C%20profesor%20Jos%C3%A9%20Cadelo%2C%20Curso%202021-22&#038;showPrint=0&#038;showTz=0\" style=\"border:solid 1px #777\" width=\"800\" height=\"600\" frameborder=\"0\" scrolling=\"no\"><\/iframe><\/p>\n","protected":false},"excerpt":{"rendered":"<p>A continuaci\u00f3n se muestra el calendario de Google con las fechas de ex\u00e1menes u otras actividades relevantes para el desarrollo del curso escolar. Para verlo en el m\u00f3vil, necesit\u00e1is entrar con vuestra cuenta @angelescustodios.org &nbsp;<\/p>\n","protected":false},"author":1,"featured_media":0,"parent":137,"menu_order":0,"comment_status":"closed","ping_status":"closed","template":"","meta":{"footnotes":""},"class_list":["post-352","page","type-page","status-publish","hentry"],"yoast_head":"<!-- This site is optimized with the Yoast SEO plugin v16.1.1 - https:\/\/yoast.com\/wordpress\/plugins\/seo\/ -->\n<title>Agenda escolar - P\u00e1gina web de JOSE CADELO<\/title>\n<meta name=\"description\" content=\"Esta es la agenda de fechas importantes del profesor Jos\u00e9 Cadelo, para consulta de sus alumnos en cada m\u00f3dulo que se imparte.\" \/>\n<link rel=\"canonical\" href=\"https:\/\/josecadelo.com\/index.php\/profesor\/agenda-escolar-profesor-jose-cadelo\/\" \/>\n<meta property=\"og:locale\" content=\"es_ES\" \/>\n<meta property=\"og:type\" content=\"article\" \/>\n<meta property=\"og:title\" content=\"Agenda escolar - P\u00e1gina web de JOSE CADELO\" \/>\n<meta property=\"og:description\" content=\"Esta es la agenda de fechas importantes del profesor Jos\u00e9 Cadelo, para consulta de sus alumnos en cada m\u00f3dulo que se imparte.\" \/>\n<meta property=\"og:url\" content=\"https:\/\/josecadelo.com\/index.php\/profesor\/agenda-escolar-profesor-jose-cadelo\/\" \/>\n<meta property=\"og:site_name\" content=\"P\u00e1gina web de JOSE CADELO\" \/>\n<meta property=\"article:modified_time\" content=\"2021-09-08T17:42:48+00:00\" \/>\n<meta name=\"twitter:card\" content=\"summary_large_image\" \/>\n<meta name=\"twitter:label1\" content=\"Tiempo de lectura\">\n\t<meta name=\"twitter:data1\" content=\"1 minuto\">\n<script type=\"application\/ld+json\" class=\"yoast-schema-graph\">{\"@context\":\"https:\/\/schema.org\",\"@graph\":[{\"@type\":\"WebSite\",\"@id\":\"https:\/\/josecadelo.com\/#website\",\"url\":\"https:\/\/josecadelo.com\/\",\"name\":\"P\\u00e1gina web de JOSE CADELO\",\"description\":\"Profesor de Formaci\\u00f3n Profesional del Colegio \\u00c1ngeles Custodios  y Universidad de Cantabria\",\"potentialAction\":[{\"@type\":\"SearchAction\",\"target\":\"https:\/\/josecadelo.com\/?s={search_term_string}\",\"query-input\":\"required name=search_term_string\"}],\"inLanguage\":\"es\"},{\"@type\":\"WebPage\",\"@id\":\"https:\/\/josecadelo.com\/index.php\/profesor\/agenda-escolar-profesor-jose-cadelo\/#webpage\",\"url\":\"https:\/\/josecadelo.com\/index.php\/profesor\/agenda-escolar-profesor-jose-cadelo\/\",\"name\":\"Agenda escolar - P\\u00e1gina web de JOSE CADELO\",\"isPartOf\":{\"@id\":\"https:\/\/josecadelo.com\/#website\"},\"datePublished\":\"2021-04-30T00:02:09+00:00\",\"dateModified\":\"2021-09-08T17:42:48+00:00\",\"description\":\"Esta es la agenda de fechas importantes del profesor Jos\\u00e9 Cadelo, para consulta de sus alumnos en cada m\\u00f3dulo que se imparte.\",\"breadcrumb\":{\"@id\":\"https:\/\/josecadelo.com\/index.php\/profesor\/agenda-escolar-profesor-jose-cadelo\/#breadcrumb\"},\"inLanguage\":\"es\",\"potentialAction\":[{\"@type\":\"ReadAction\",\"target\":[\"https:\/\/josecadelo.com\/index.php\/profesor\/agenda-escolar-profesor-jose-cadelo\/\"]}]},{\"@type\":\"BreadcrumbList\",\"@id\":\"https:\/\/josecadelo.com\/index.php\/profesor\/agenda-escolar-profesor-jose-cadelo\/#breadcrumb\",\"itemListElement\":[{\"@type\":\"ListItem\",\"position\":1,\"item\":{\"@type\":\"WebPage\",\"@id\":\"https:\/\/josecadelo.com\/index.php\/profesor\/\",\"url\":\"https:\/\/josecadelo.com\/index.php\/profesor\/\",\"name\":\"Profesor informa\"}},{\"@type\":\"ListItem\",\"position\":2,\"item\":{\"@type\":\"WebPage\",\"@id\":\"https:\/\/josecadelo.com\/index.php\/profesor\/agenda-escolar-profesor-jose-cadelo\/\",\"url\":\"https:\/\/josecadelo.com\/index.php\/profesor\/agenda-escolar-profesor-jose-cadelo\/\",\"name\":\"Agenda escolar\"}}]}]}<\/script>\n<!-- \/ Yoast SEO plugin. -->","_links":{"self":[{"href":"https:\/\/josecadelo.com\/index.php\/wp-json\/wp\/v2\/pages\/352","targetHints":{"allow":["GET"]}}],"collection":[{"href":"https:\/\/josecadelo.com\/index.php\/wp-json\/wp\/v2\/pages"}],"about":[{"href":"https:\/\/josecadelo.com\/index.php\/wp-json\/wp\/v2\/types\/page"}],"author":[{"embeddable":true,"href":"https:\/\/josecadelo.com\/index.php\/wp-json\/wp\/v2\/users\/1"}],"replies":[{"embeddable":true,"href":"https:\/\/josecadelo.com\/index.php\/wp-json\/wp\/v2\/comments?post=352"}],"version-history":[{"count":25,"href":"https:\/\/josecadelo.com\/index.php\/wp-json\/wp\/v2\/pages\/352\/revisions"}],"predecessor-version":[{"id":661,"href":"https:\/\/josecadelo.com\/index.php\/wp-json\/wp\/v2\/pages\/352\/revisions\/661"}],"up":[{"embeddable":true,"href":"https:\/\/josecadelo.com\/index.php\/wp-json\/wp\/v2\/pages\/137"}],"wp:attachment":[{"href":"https:\/\/josecadelo.com\/index.php\/wp-json\/wp\/v2\/media?parent=352"}],"curies":[{"name":"wp","href":"https:\/\/api.w.org\/{rel}","templated":true}]}}