{"id":14,"date":"2021-04-27T21:52:12","date_gmt":"2021-04-27T21:52:12","guid":{"rendered":"https:\/\/josecadelo.com\/?page_id=14"},"modified":"2023-02-10T11:51:11","modified_gmt":"2023-02-10T11:51:11","slug":"presentacion","status":"publish","type":"page","link":"https:\/\/josecadelo.com\/index.php\/presentacion\/","title":{"rendered":"Presentaci\u00f3n"},"content":{"rendered":"\r\n<p>Hola a todos,<\/p>\r\n\r\n\r\n<p>&gt; Soy Jos\u00e9 Antonio Cadelo Viadero, Licenciado en Ciencias Econ\u00f3micas y Empresariales por la Universidad de Cantabria.<\/p>\r\n\r\n\r\n<div class=\"wp-block-image\">\r\n<figure class=\"alignright size-large is-resized\"><img loading=\"lazy\" decoding=\"async\" class=\"wp-image-15\" src=\"https:\/\/josecadelo.com\/wp-content\/uploads\/2021\/04\/jose.jpg\" alt=\"\" width=\"198\" height=\"274\" srcset=\"https:\/\/josecadelo.com\/wp-content\/uploads\/2021\/04\/jose.jpg 371w, https:\/\/josecadelo.com\/wp-content\/uploads\/2021\/04\/jose-216x300.jpg 216w\" sizes=\"auto, (max-width: 198px) 100vw, 198px\" \/><\/figure>\r\n<\/div>\r\n\r\n\r\n<p>&gt; Desde septiembre de 1996, llevo dando clases en Formaci\u00f3n Profesional en el Colegio \u00c1ngeles Custodios de Santander, en los ciclos formativos de Grado Medio de \u00abGesti\u00f3n Administrativa\u00bb, \u00abPeluquer\u00eda y Est\u00e9tica capilar\u00bb y \u00abFarmacia y Parafarmacia\u00bb.<\/p>\r\n<p>&gt; Desde septiembre de 2022, imparto clases de Matem\u00e1ticas Financieras en varios grupos de la Universidad de Cantabria (Facultad de Ciencias Econ\u00f3micas y Empresariales) Grado de ADE, Doble grado de ADE + Derecho y Doble grado de ADE + Econom\u00eda.<\/p>\r\n\r\n\r\n<p>&gt; Desde 2001 hasta 2012 desempe\u00f1o el cargo de Jefe de Estudios y Secretario del Colegio \u00c1ngeles Custodios de Santander.<\/p>\r\n\r\n\r\n<p>&gt; Desde 2013 soy tutor en el ciclo de Grado Medio de Gesti\u00f3n Administrativa y desde 2022 soy tutor de FCT del ciclo formativo de Farmacia.<\/p>\r\n\r\n\r\n<p>&gt; Desde 1997 hasta 2022 he realizado como aut\u00f3nomo labores de Asesor contable y laboral de Centros Educativos, Asociaciones y Pymes; \u00a0Dise\u00f1ador de p\u00e1ginas web de diversas instituciones asi como administrador de la empresa del sector tecnol\u00f3gico IATEC.<\/p>\r\n\r\n\r\n\r\n\r\n<p>Esta p\u00e1gina la he dise\u00f1ado para que os sea \u00fatil en la b\u00fasqueda de informaci\u00f3n relativa a mis asignaturas, descarga de documentos, actividades, etc. Espero que os guste.<\/p>\r\n\r\n\r\n<p>&nbsp;<\/p>\r\n\r\n\r\n<p>Un saludo,<\/p>\r\n\r\n\r\n<p>Jos\u00e9 Antonio Cadelo<\/p>\r\n","protected":false},"excerpt":{"rendered":"<p>Hola a todos, &gt; Soy Jos\u00e9 Antonio Cadelo Viadero, Licenciado en Ciencias Econ\u00f3micas y Empresariales por la Universidad de Cantabria. &gt; Desde septiembre de 1996, llevo dando clases en Formaci\u00f3n Profesional en el Colegio \u00c1ngeles Custodios de Santander, en los <a href=\"https:\/\/josecadelo.com\/index.php\/presentacion\/\" class=\"read-more\">Leer m\u00e1s&#8230;<\/a><\/p>\n","protected":false},"author":1,"featured_media":0,"parent":0,"menu_order":0,"comment_status":"closed","ping_status":"closed","template":"","meta":{"footnotes":""},"class_list":["post-14","page","type-page","status-publish","hentry"],"yoast_head":"<!-- This site is optimized with the Yoast SEO plugin v16.1.1 - https:\/\/yoast.com\/wordpress\/plugins\/seo\/ -->\n<title>Presentaci\u00f3n - P\u00e1gina web de JOSE CADELO<\/title>\n<link rel=\"canonical\" href=\"https:\/\/josecadelo.com\/index.php\/presentacion\/\" \/>\n<meta property=\"og:locale\" content=\"es_ES\" \/>\n<meta property=\"og:type\" content=\"article\" \/>\n<meta property=\"og:title\" content=\"Presentaci\u00f3n - P\u00e1gina web de JOSE CADELO\" \/>\n<meta property=\"og:description\" content=\"Hola a todos, &gt; Soy Jos\u00e9 Antonio Cadelo Viadero, Licenciado en Ciencias Econ\u00f3micas y Empresariales por la Universidad de Cantabria. &gt; Desde septiembre de 1996, llevo dando clases en Formaci\u00f3n Profesional en el Colegio \u00c1ngeles Custodios de Santander, en los Leer m\u00e1s...\" \/>\n<meta property=\"og:url\" content=\"https:\/\/josecadelo.com\/index.php\/presentacion\/\" \/>\n<meta property=\"og:site_name\" content=\"P\u00e1gina web de JOSE CADELO\" \/>\n<meta property=\"article:modified_time\" content=\"2023-02-10T11:51:11+00:00\" \/>\n<meta property=\"og:image\" content=\"https:\/\/josecadelo.com\/wp-content\/uploads\/2021\/04\/jose.jpg\" \/>\n<meta name=\"twitter:card\" content=\"summary_large_image\" \/>\n<meta name=\"twitter:label1\" content=\"Tiempo de lectura\">\n\t<meta name=\"twitter:data1\" content=\"2 minutos\">\n<script type=\"application\/ld+json\" class=\"yoast-schema-graph\">{\"@context\":\"https:\/\/schema.org\",\"@graph\":[{\"@type\":\"WebSite\",\"@id\":\"https:\/\/josecadelo.com\/#website\",\"url\":\"https:\/\/josecadelo.com\/\",\"name\":\"P\\u00e1gina web de JOSE CADELO\",\"description\":\"Profesor de Formaci\\u00f3n Profesional del Colegio \\u00c1ngeles Custodios  y Universidad de Cantabria\",\"potentialAction\":[{\"@type\":\"SearchAction\",\"target\":\"https:\/\/josecadelo.com\/?s={search_term_string}\",\"query-input\":\"required name=search_term_string\"}],\"inLanguage\":\"es\"},{\"@type\":\"ImageObject\",\"@id\":\"https:\/\/josecadelo.com\/index.php\/presentacion\/#primaryimage\",\"inLanguage\":\"es\",\"url\":\"https:\/\/josecadelo.com\/wp-content\/uploads\/2021\/04\/jose.jpg\",\"contentUrl\":\"https:\/\/josecadelo.com\/wp-content\/uploads\/2021\/04\/jose.jpg\",\"width\":371,\"height\":515},{\"@type\":[\"WebPage\",\"CollectionPage\"],\"@id\":\"https:\/\/josecadelo.com\/index.php\/presentacion\/#webpage\",\"url\":\"https:\/\/josecadelo.com\/index.php\/presentacion\/\",\"name\":\"Presentaci\\u00f3n - P\\u00e1gina web de JOSE CADELO\",\"isPartOf\":{\"@id\":\"https:\/\/josecadelo.com\/#website\"},\"primaryImageOfPage\":{\"@id\":\"https:\/\/josecadelo.com\/index.php\/presentacion\/#primaryimage\"},\"datePublished\":\"2021-04-27T21:52:12+00:00\",\"dateModified\":\"2023-02-10T11:51:11+00:00\",\"breadcrumb\":{\"@id\":\"https:\/\/josecadelo.com\/index.php\/presentacion\/#breadcrumb\"},\"inLanguage\":\"es\",\"potentialAction\":[{\"@type\":\"ReadAction\",\"target\":[\"https:\/\/josecadelo.com\/index.php\/presentacion\/\"]}]},{\"@type\":\"BreadcrumbList\",\"@id\":\"https:\/\/josecadelo.com\/index.php\/presentacion\/#breadcrumb\",\"itemListElement\":[{\"@type\":\"ListItem\",\"position\":1,\"item\":{\"@type\":\"WebPage\",\"@id\":\"https:\/\/josecadelo.com\/index.php\/presentacion\/\",\"url\":\"https:\/\/josecadelo.com\/index.php\/presentacion\/\",\"name\":\"Presentaci\\u00f3n\"}}]}]}<\/script>\n<!-- \/ Yoast SEO plugin. -->","_links":{"self":[{"href":"https:\/\/josecadelo.com\/index.php\/wp-json\/wp\/v2\/pages\/14","targetHints":{"allow":["GET"]}}],"collection":[{"href":"https:\/\/josecadelo.com\/index.php\/wp-json\/wp\/v2\/pages"}],"about":[{"href":"https:\/\/josecadelo.com\/index.php\/wp-json\/wp\/v2\/types\/page"}],"author":[{"embeddable":true,"href":"https:\/\/josecadelo.com\/index.php\/wp-json\/wp\/v2\/users\/1"}],"replies":[{"embeddable":true,"href":"https:\/\/josecadelo.com\/index.php\/wp-json\/wp\/v2\/comments?post=14"}],"version-history":[{"count":5,"href":"https:\/\/josecadelo.com\/index.php\/wp-json\/wp\/v2\/pages\/14\/revisions"}],"predecessor-version":[{"id":821,"href":"https:\/\/josecadelo.com\/index.php\/wp-json\/wp\/v2\/pages\/14\/revisions\/821"}],"wp:attachment":[{"href":"https:\/\/josecadelo.com\/index.php\/wp-json\/wp\/v2\/media?parent=14"}],"curies":[{"name":"wp","href":"https:\/\/api.w.org\/{rel}","templated":true}]}}